{"id":69,"date":"2020-05-23T09:49:43","date_gmt":"2020-05-23T12:49:43","guid":{"rendered":"http:\/\/fernandabassani.com\/?page_id=69"},"modified":"2025-07-31T14:14:53","modified_gmt":"2025-07-31T17:14:53","slug":"quem-sou","status":"publish","type":"page","link":"https:\/\/fernandabassani.com\/index.php\/quem-sou\/","title":{"rendered":"Perfil"},"content":{"rendered":"<div class=\"wp-block-image\">\n<figure class=\"alignleft size-large is-resized\"><img loading=\"lazy\" decoding=\"async\" width=\"413\" height=\"474\" src=\"http:\/\/fernandabassani.com\/wp-content\/uploads\/2021\/06\/Sem-titulo.png\" alt=\"Fer Bassani\" class=\"wp-image-280\" style=\"width:139px;height:159px\" srcset=\"https:\/\/fernandabassani.com\/wp-content\/uploads\/2021\/06\/Sem-titulo.png 413w, https:\/\/fernandabassani.com\/wp-content\/uploads\/2021\/06\/Sem-titulo-261x300.png 261w\" sizes=\"auto, (max-width: 413px) 100vw, 413px\" \/><\/figure>\n<\/div>\n\n\n<div class=\"wp-block-columns is-layout-flex wp-container-core-columns-is-layout-9d6595d7 wp-block-columns-is-layout-flex\">\n<div class=\"wp-block-column is-layout-flow wp-block-column-is-layout-flow\" style=\"flex-basis:100%\">\n<div class=\"wp-block-group\"><div class=\"wp-block-group__inner-container is-layout-flow wp-block-group-is-layout-flow\">\n<p class=\"has-text-align-left\">Sou a Fernanda Bassani, profissional da educa\u00e7\u00e3o com mais de 15 anos de experi\u00eancia. Designer Instrucional &#8211; corporativo e educacional. Docente on-line, Historiadora e Pedagoga. Mestra em Ensino de Ci\u00eancia e Tecnologia pela UTFPR\/Ponta Grossa.<\/p>\n<\/div><\/div>\n<\/div>\n<\/div>\n\n\n\n<p>Especialista em Gest\u00e3o da Educa\u00e7\u00e3o Corporativa; Esp. em Educa\u00e7\u00e3o a Dist\u00e2ncia; Esp. em M\u00eddias na Educa\u00e7\u00e3o; Esp. em Hist\u00f3ria, Arte e Cultura; e Esp. em Gest\u00e3o P\u00fablica.<\/p>\n\n\n\n<p>Atuo no desenvolvimento de material did\u00e1tico e interativo para educa\u00e7\u00e3o corporativa, nos diversos n\u00edveis de ensino e para empreendedores individuais. Trabalho com ferramentas de apoio ao processo de ensino, aprendizagem e divulga\u00e7\u00e3o da sua marca.<\/p>\n\n\n\n<figure class=\"wp-block-gallery has-nested-images columns-default is-cropped wp-block-gallery-1 is-layout-flex wp-block-gallery-is-layout-flex\">\n<figure class=\"wp-block-image size-large\"><img loading=\"lazy\" decoding=\"async\" width=\"280\" height=\"280\" data-id=\"870\" src=\"https:\/\/fernandabassani.com\/wp-content\/uploads\/2025\/07\/animaker_195439.webp\" alt=\"\" class=\"wp-image-870\" srcset=\"https:\/\/fernandabassani.com\/wp-content\/uploads\/2025\/07\/animaker_195439.webp 280w, https:\/\/fernandabassani.com\/wp-content\/uploads\/2025\/07\/animaker_195439-150x150.webp 150w\" sizes=\"auto, (max-width: 280px) 100vw, 280px\" \/><\/figure>\n\n\n\n<figure class=\"wp-block-image size-full is-style-rounded\"><img loading=\"lazy\" decoding=\"async\" width=\"378\" height=\"379\" data-id=\"873\" src=\"https:\/\/fernandabassani.com\/wp-content\/uploads\/2025\/07\/logo-articulate-1.png\" alt=\"\" class=\"wp-image-873\" srcset=\"https:\/\/fernandabassani.com\/wp-content\/uploads\/2025\/07\/logo-articulate-1.png 378w, https:\/\/fernandabassani.com\/wp-content\/uploads\/2025\/07\/logo-articulate-1-300x300.png 300w, https:\/\/fernandabassani.com\/wp-content\/uploads\/2025\/07\/logo-articulate-1-150x150.png 150w\" sizes=\"auto, (max-width: 378px) 100vw, 378px\" \/><\/figure>\n\n\n\n<figure class=\"wp-block-image size-large is-style-rounded\"><img loading=\"lazy\" decoding=\"async\" width=\"240\" height=\"210\" data-id=\"874\" src=\"https:\/\/fernandabassani.com\/wp-content\/uploads\/2025\/07\/logo-moodle.png\" alt=\"\" class=\"wp-image-874\"\/><\/figure>\n\n\n\n<figure class=\"wp-block-image size-full is-style-rounded\"><img loading=\"lazy\" decoding=\"async\" width=\"148\" height=\"148\" data-id=\"879\" src=\"https:\/\/fernandabassani.com\/wp-content\/uploads\/2025\/07\/logo-h5p.png\" alt=\"\" class=\"wp-image-879\"\/><\/figure>\n\n\n\n<figure class=\"wp-block-image size-full\"><img loading=\"lazy\" decoding=\"async\" width=\"602\" height=\"600\" data-id=\"871\" src=\"http:\/\/fernandabassani.com\/wp-content\/uploads\/2025\/07\/Genially_2023_logotipo.png\" alt=\"\" class=\"wp-image-871\" srcset=\"https:\/\/fernandabassani.com\/wp-content\/uploads\/2025\/07\/Genially_2023_logotipo.png 602w, https:\/\/fernandabassani.com\/wp-content\/uploads\/2025\/07\/Genially_2023_logotipo-300x300.png 300w, https:\/\/fernandabassani.com\/wp-content\/uploads\/2025\/07\/Genially_2023_logotipo-150x150.png 150w\" sizes=\"auto, (max-width: 602px) 100vw, 602px\" \/><\/figure>\n\n\n\n<figure class=\"wp-block-image size-large is-style-rounded\"><img loading=\"lazy\" decoding=\"async\" width=\"219\" height=\"230\" data-id=\"877\" src=\"https:\/\/fernandabassani.com\/wp-content\/uploads\/2025\/07\/scratch_logo.png\" alt=\"\" class=\"wp-image-877\"\/><\/figure>\n<\/figure>\n\n\n\n<p>Lattes &#8211; <a href=\"http:\/\/lattes.cnpq.br\/7670003023020774\" target=\"_blank\" rel=\"noreferrer noopener\">http:\/\/lattes.cnpq.br\/7670003023020774<\/a><\/p>\n\n\n\n<p>LinkedIn &#8211; <a href=\"https:\/\/br.linkedin.com\/in\/fernanda-bassani-53592731\" target=\"_blank\" rel=\"noreferrer noopener\">www.linkedin.com\/in\/fernandabassani<\/a><\/p>\n\n\n\n<p><\/p>\n\n\n\n<p><\/p>\n\n\n\n<p class=\"has-text-align-center\"><em><strong>Associada na categoria individual da Associa\u00e7\u00e3o Brasileira de Educa\u00e7\u00e3o a Dist\u00e2ncia<\/strong><\/em><strong><em> &#8211; <\/em>ABED<\/strong><\/p>\n","protected":false},"excerpt":{"rendered":"<p>Sou a Fernanda Bassani, profissional da educa\u00e7\u00e3o com mais de 15 anos de experi\u00eancia. Designer Instrucional &#8211; corporativo e educacional. Docente on-line, Historiadora e Pedagoga. Mestra em Ensino de Ci\u00eancia e Tecnologia pela UTFPR\/Ponta Grossa. Especialista em Gest\u00e3o da Educa\u00e7\u00e3o Corporativa; Esp. em Educa\u00e7\u00e3o a Dist\u00e2ncia; Esp. em M\u00eddias na Educa\u00e7\u00e3o; Esp. em Hist\u00f3ria, Arte [&hellip;]<\/p>\n","protected":false},"author":1,"featured_media":0,"parent":0,"menu_order":0,"comment_status":"closed","ping_status":"closed","template":"","meta":{"footnotes":""},"class_list":["post-69","page","type-page","status-publish","hentry"],"_links":{"self":[{"href":"https:\/\/fernandabassani.com\/index.php\/wp-json\/wp\/v2\/pages\/69","targetHints":{"allow":["GET"]}}],"collection":[{"href":"https:\/\/fernandabassani.com\/index.php\/wp-json\/wp\/v2\/pages"}],"about":[{"href":"https:\/\/fernandabassani.com\/index.php\/wp-json\/wp\/v2\/types\/page"}],"author":[{"embeddable":true,"href":"https:\/\/fernandabassani.com\/index.php\/wp-json\/wp\/v2\/users\/1"}],"replies":[{"embeddable":true,"href":"https:\/\/fernandabassani.com\/index.php\/wp-json\/wp\/v2\/comments?post=69"}],"version-history":[{"count":19,"href":"https:\/\/fernandabassani.com\/index.php\/wp-json\/wp\/v2\/pages\/69\/revisions"}],"predecessor-version":[{"id":884,"href":"https:\/\/fernandabassani.com\/index.php\/wp-json\/wp\/v2\/pages\/69\/revisions\/884"}],"wp:attachment":[{"href":"https:\/\/fernandabassani.com\/index.php\/wp-json\/wp\/v2\/media?parent=69"}],"curies":[{"name":"wp","href":"https:\/\/api.w.org\/{rel}","templated":true}]}}